{"id":1537,"date":"2022-02-24T13:17:57","date_gmt":"2022-02-24T13:17:57","guid":{"rendered":"https:\/\/www.softercolor.it\/?page_id=1537"},"modified":"2023-04-18T09:49:53","modified_gmt":"2023-04-18T09:49:53","slug":"chi-siamo","status":"publish","type":"page","link":"https:\/\/www.softercolor.it\/fr\/chi-siamo\/","title":{"rendered":"A propos de nous"},"content":{"rendered":"<p>[et_pb_section fb_built=\u00a0\u00bb1&Prime; custom_padding_last_edited=\u00a0\u00bbon|phone\u00a0\u00bb next_background_color=\u00a0\u00bb#ffffff\u00a0\u00bb _builder_version=\u00a0\u00bb4.16&Prime; _module_preset=\u00a0\u00bbdefault\u00a0\u00bb background_image=\u00a0\u00bbhttps:\/\/www.softercolor.it\/wp-content\/uploads\/2021\/12\/tessuti-chiari-scaled.jpg\u00a0\u00bb custom_padding=\u00a0\u00bb48px||97px|||\u00a0\u00bb custom_padding_tablet=\u00a0\u00bb117px||224px|||\u00a0\u00bb custom_padding_phone=\u00a0\u00bb70px||100px||false|false\u00a0\u00bb top_divider_repeat=\u00a0\u00bb1x\u00a0\u00bb top_divider_flip=\u00a0\u00bbhorizontal\u00a0\u00bb bottom_divider_style=\u00a0\u00bbasymmetric2&Prime; bottom_divider_height=\u00a0\u00bb200px\u00a0\u00bb bottom_divider_flip=\u00a0\u00bbvertical\u00a0\u00bb bottom_divider_height_tablet=\u00a0\u00bb200px\u00a0\u00bb bottom_divider_height_phone=\u00a0\u00bb100px\u00a0\u00bb bottom_divider_height_last_edited=\u00a0\u00bbon|phone\u00a0\u00bb global_colors_info=\u00a0\u00bb{}\u00a0\u00bb][et_pb_row _builder_version=\u00a0\u00bb4.16&Prime; _module_preset=\u00a0\u00bbdefault\u00a0\u00bb custom_padding=\u00a0\u00bb50px||50px||true|false\u00a0\u00bb global_colors_info=\u00a0\u00bb{}\u00a0\u00bb][et_pb_column type=\u00a0\u00bb4_4&Prime; _builder_version=\u00a0\u00bb4.16&Prime; _module_preset=\u00a0\u00bbdefault\u00a0\u00bb global_colors_info=\u00a0\u00bb{}\u00a0\u00bb][et_pb_image src=\u00a0\u00bbhttps:\/\/www.softercolor.it\/wp-content\/uploads\/2021\/12\/logo-softer_color-bianco.png\u00a0\u00bb title_text=\u00a0\u00bblogo-softer_color-bianco\u00a0\u00bb _builder_version=\u00a0\u00bb4.16&Prime; _module_preset=\u00a0\u00bbdefault\u00a0\u00bb custom_margin=\u00a0\u00bb||2px|||\u00a0\u00bb global_colors_info=\u00a0\u00bb{}\u00a0\u00bb][\/et_pb_image][\/et_pb_column][\/et_pb_row][\/et_pb_section][et_pb_section fb_built=\u00a0\u00bb1&Prime; _builder_version=\u00a0\u00bb4.16&Prime; _module_preset=\u00a0\u00bbdefault\u00a0\u00bb custom_padding=\u00a0\u00bb2px||10px|||\u00a0\u00bb global_colors_info=\u00a0\u00bb{}\u00a0\u00bb][et_pb_row _builder_version=\u00a0\u00bb4.16&Prime; _module_preset=\u00a0\u00bbdefault\u00a0\u00bb global_colors_info=\u00a0\u00bb{}\u00a0\u00bb][et_pb_column type=\u00a0\u00bb4_4&Prime; _builder_version=\u00a0\u00bb4.16&Prime; _module_preset=\u00a0\u00bbdefault\u00a0\u00bb global_colors_info=\u00a0\u00bb{}\u00a0\u00bb][et_pb_text _builder_version=\u00a0\u00bb4.20.4&Prime; _module_preset=\u00a0\u00bbdefault\u00a0\u00bb header_text_align=\u00a0\u00bbcenter\u00a0\u00bb header_text_color=\u00a0\u00bb#007eba\u00a0\u00bb header_font_size=\u00a0\u00bb60px\u00a0\u00bb background_enable_color=\u00a0\u00bboff\u00a0\u00bb text_orientation=\u00a0\u00bbcenter\u00a0\u00bb width_tablet=\u00a0\u00bb\u00a0\u00bb width_phone=\u00a0\u00bb\u00a0\u00bb width_last_edited=\u00a0\u00bbon|desktop\u00a0\u00bb module_alignment=\u00a0\u00bbcenter\u00a0\u00bb custom_padding=\u00a0\u00bb5px||5px||false|false\u00a0\u00bb hover_enabled=\u00a0\u00bb0&Prime; header_font_size_tablet=\u00a0\u00bb60px\u00a0\u00bb header_font_size_phone=\u00a0\u00bb50px\u00a0\u00bb header_font_size_last_edited=\u00a0\u00bbon|phone\u00a0\u00bb global_colors_info=\u00a0\u00bb{}\u00a0\u00bb sticky_enabled=\u00a0\u00bb0&Prime;]<\/p>\n<h1>A propos de nous<\/h1>\n<p>[\/et_pb_text][et_pb_text _builder_version=\u00a0\u00bb4.17.3&Prime; _module_preset=\u00a0\u00bbdefault\u00a0\u00bb text_font_size=\u00a0\u00bb15px\u00a0\u00bb header_2_text_color=\u00a0\u00bb#565656&Prime; header_2_font_size=\u00a0\u00bb24px\u00a0\u00bb text_orientation=\u00a0\u00bbcenter\u00a0\u00bb width=\u00a0\u00bb80%\u00a0\u00bb module_alignment=\u00a0\u00bbcenter\u00a0\u00bb global_colors_info=\u00a0\u00bb{}\u00a0\u00bb]<\/p>\n<p style=\"text-align: left;\"><strong>Softer Color<\/strong> n\u00e9e de plusieurs ann\u00e9es d\u2019exp\u00e9rience des fondateurs Fabbri et Salzillo , qui l\u2019ont fait un point de r\u00e9f\u00e9rence pour ceux qui recherchent la confiance, le professionnalisme et les connaissances techniques dans le domaine des colorants industriels.<\/p>\n<p style=\"text-align: left;\">Nous sommes actuellement l\u2019une des rares soci\u00e9t\u00e9s en Europe qui peuvent fournir une gamme compl\u00e8te de colorants personnalisables et des m\u00e9langes ; nous pouvons offrir un service de contr\u00f4le de la qualit\u00e9 entrant et sortant, les normes ISO 9001:2008 et HACCP, l\u2019investissement constant dans la recherche et d\u00e9veloppement de nouveaux produits et proc\u00e9d\u00e9s, une livraison rapide et emballage personnalis\u00e9.<\/p>\n<p style=\"text-align: left;\">Situ\u00e9 \u00e0 Forli, Softer Color comprend les d\u00e9partements:<\/p>\n<ul>\n<li style=\"text-align: left;\">d\u00e9partement des ventes<\/li>\n<li style=\"text-align: left;\">service administratif<\/li>\n<li style=\"text-align: left;\">s\u00e9curit\u00e9 et service qualit\u00e9<\/li>\n<li style=\"text-align: left;\">un laboratoire de production et de test<\/li>\n<li style=\"text-align: left;\">un service d\u2019achat et exp\u00e9dition<\/li>\n<li style=\"text-align: left;\">un grand entrep\u00f4t.<\/li>\n<\/ul>\n<p style=\"text-align: left;\">Nos 15 employ\u00e9s sont hautement qualifi\u00e9s et fournissent \u00e9galement une assistance technique<\/p>\n<p>[\/et_pb_text][\/et_pb_column][\/et_pb_row][\/et_pb_section][et_pb_section fb_built=\u00a0\u00bb1&Prime; custom_padding_last_edited=\u00a0\u00bbon|phone\u00a0\u00bb prev_background_color=\u00a0\u00bb#ffffff\u00a0\u00bb module_id=\u00a0\u00bbperch\u00e8-sceglierci\u00a0\u00bb _builder_version=\u00a0\u00bb4.16&Prime; _module_preset=\u00a0\u00bbdefault\u00a0\u00bb background_color=\u00a0\u00bbrgba(0,0,0,0.72)\u00a0\u00bb background_image=\u00a0\u00bbhttps:\/\/www.softercolor.it\/wp-content\/uploads\/2022\/02\/sfondo-spettacolo-scaled.jpg\u00a0\u00bb background_position=\u00a0\u00bbbottom_left\u00a0\u00bb background_blend=\u00a0\u00bboverlay\u00a0\u00bb custom_padding=\u00a0\u00bb75px||75px||true|false\u00a0\u00bb custom_padding_tablet=\u00a0\u00bb75px||75px||true|false\u00a0\u00bb custom_padding_phone=\u00a0\u00bb50px||50px||true|false\u00a0\u00bb top_divider_style=\u00a0\u00bbasymmetric2&Prime; top_divider_height=\u00a0\u00bb200px\u00a0\u00bb top_divider_flip=\u00a0\u00bbhorizontal\u00a0\u00bb top_divider_height_tablet=\u00a0\u00bb200px\u00a0\u00bb top_divider_height_phone=\u00a0\u00bb100px\u00a0\u00bb top_divider_height_last_edited=\u00a0\u00bbon|phone\u00a0\u00bb global_colors_info=\u00a0\u00bb{}\u00a0\u00bb][et_pb_row _builder_version=\u00a0\u00bb4.16&Prime; _module_preset=\u00a0\u00bbdefault\u00a0\u00bb custom_margin=\u00a0\u00bb150px||||false|false\u00a0\u00bb global_colors_info=\u00a0\u00bb{}\u00a0\u00bb][et_pb_column type=\u00a0\u00bb4_4&Prime; _builder_version=\u00a0\u00bb4.16&Prime; _module_preset=\u00a0\u00bbdefault\u00a0\u00bb global_colors_info=\u00a0\u00bb{}\u00a0\u00bb][et_pb_text _builder_version=\u00a0\u00bb4.17.3&Prime; _module_preset=\u00a0\u00bbdefault\u00a0\u00bb header_text_align=\u00a0\u00bbcenter\u00a0\u00bb header_text_color=\u00a0\u00bb#FFFFFF\u00a0\u00bb header_2_text_color=\u00a0\u00bb#FFFFFF\u00a0\u00bb text_orientation=\u00a0\u00bbcenter\u00a0\u00bb width=\u00a0\u00bb80%\u00a0\u00bb module_alignment=\u00a0\u00bbcenter\u00a0\u00bb header_2_font_size_tablet=\u00a0\u00bb\u00a0\u00bb header_2_font_size_phone=\u00a0\u00bb35px\u00a0\u00bb header_2_font_size_last_edited=\u00a0\u00bbon|phone\u00a0\u00bb global_colors_info=\u00a0\u00bb{}\u00a0\u00bb]<\/p>\n<h2>Pourquoi compter sur Softer Color<\/h2>\n<p>[\/et_pb_text][et_pb_text _builder_version=\u00a0\u00bb4.17.3&Prime; _module_preset=\u00a0\u00bbdefault\u00a0\u00bb text_text_color=\u00a0\u00bb#FFFFFF\u00a0\u00bb text_font_size=\u00a0\u00bb15px\u00a0\u00bb text_orientation=\u00a0\u00bbcenter\u00a0\u00bb width=\u00a0\u00bb80%\u00a0\u00bb module_alignment=\u00a0\u00bbcenter\u00a0\u00bb global_colors_info=\u00a0\u00bb{}\u00a0\u00bb]<\/p>\n<p>Il ya beaucoup de bonnes raisons de choisir la qualit\u00e9 et le professionnalisme de Softer Color, une soci\u00e9t\u00e9 qui depuis 1984 est sp\u00e9cialis\u00e9e dans la production et dans la commercialisation de colorants pour utilisation industrielle.<\/p>\n<p>[\/et_pb_text][\/et_pb_column][\/et_pb_row][et_pb_row column_structure=\u00a0\u00bb1_2,1_2&Prime; use_custom_gutter=\u00a0\u00bbon\u00a0\u00bb gutter_width=\u00a0\u00bb4&Prime; make_equal=\u00a0\u00bbon\u00a0\u00bb _builder_version=\u00a0\u00bb4.16&Prime; _module_preset=\u00a0\u00bbdefault\u00a0\u00bb global_colors_info=\u00a0\u00bb{}\u00a0\u00bb][et_pb_column type=\u00a0\u00bb1_2&Prime; _builder_version=\u00a0\u00bb4.16&Prime; _module_preset=\u00a0\u00bbdefault\u00a0\u00bb global_colors_info=\u00a0\u00bb{}\u00a0\u00bb][et_pb_blurb use_icon=\u00a0\u00bbon\u00a0\u00bb font_icon=\u00a0\u00bb&#xe0f5;||divi||400&Prime; icon_color=\u00a0\u00bb#FFFFFF\u00a0\u00bb icon_placement=\u00a0\u00bbleft\u00a0\u00bb image_icon_width=\u00a0\u00bb51px\u00a0\u00bb _builder_version=\u00a0\u00bb4.17.3&Prime; _module_preset=\u00a0\u00bbdefault\u00a0\u00bb body_text_color=\u00a0\u00bb#FFFFFF\u00a0\u00bb global_colors_info=\u00a0\u00bb{}\u00a0\u00bb]Nous encourageons le contact direct avec nos clients afin de satisfaire leur demande: ils sont au centre de tous nos processus de production.[\/et_pb_blurb][et_pb_blurb use_icon=\u00a0\u00bbon\u00a0\u00bb font_icon=\u00a0\u00bb&#xf57c;||fa||900&Prime; icon_color=\u00a0\u00bb#FFFFFF\u00a0\u00bb icon_placement=\u00a0\u00bbleft\u00a0\u00bb image_icon_width=\u00a0\u00bb51px\u00a0\u00bb _builder_version=\u00a0\u00bb4.17.3&Prime; _module_preset=\u00a0\u00bbdefault\u00a0\u00bb body_text_color=\u00a0\u00bb#FFFFFF\u00a0\u00bb global_colors_info=\u00a0\u00bb{}\u00a0\u00bb]<\/p>\n<p>Nous pr\u00eatons une grande attention \u00e0 la protection de l\u2019environnement et \u00e0 la sant\u00e9 de nos employ\u00e9s, qui font r\u00e9guli\u00e8rement des cours sur la s\u00e9curit\u00e9 au travail. \u00c0 cet \u00e9gard, nous soumettons nos produits \u00e0 des tests de laboratoire pour d\u00e9terminer la qualit\u00e9 et la s\u00e9curit\u00e9 r\u00e9elle<\/p>\n<p>[\/et_pb_blurb][\/et_pb_column][et_pb_column type=\u00a0\u00bb1_2&Prime; _builder_version=\u00a0\u00bb4.16&Prime; _module_preset=\u00a0\u00bbdefault\u00a0\u00bb global_colors_info=\u00a0\u00bb{}\u00a0\u00bb][et_pb_blurb use_icon=\u00a0\u00bbon\u00a0\u00bb font_icon=\u00a0\u00bb&#xe02f;||divi||400&Prime; icon_color=\u00a0\u00bb#FFFFFF\u00a0\u00bb icon_placement=\u00a0\u00bbleft\u00a0\u00bb image_icon_width=\u00a0\u00bb51px\u00a0\u00bb _builder_version=\u00a0\u00bb4.17.3&Prime; _module_preset=\u00a0\u00bbdefault\u00a0\u00bb body_text_color=\u00a0\u00bb#FFFFFF\u00a0\u00bb global_colors_info=\u00a0\u00bb{}\u00a0\u00bb]<\/p>\n<p>TTous les produits sont v\u00e9rifi\u00e9s et emball\u00e9s avec soin, afin de faciliter la correcte manipulation, le stockage et l\u2019utilisation par les utilisateurs finaux.<\/p>\n<p>[\/et_pb_blurb][et_pb_blurb use_icon=\u00a0\u00bbon\u00a0\u00bb font_icon=\u00a0\u00bb&#xe027;||divi||400&Prime; icon_color=\u00a0\u00bb#FFFFFF\u00a0\u00bb icon_placement=\u00a0\u00bbleft\u00a0\u00bb image_icon_width=\u00a0\u00bb51px\u00a0\u00bb _builder_version=\u00a0\u00bb4.17.3&Prime; _module_preset=\u00a0\u00bbdefault\u00a0\u00bb body_text_color=\u00a0\u00bb#FFFFFF\u00a0\u00bb global_colors_info=\u00a0\u00bb{}\u00a0\u00bb]Notre support technique est connue pour \u00eatre particuli\u00e8rement rapide, gr\u00e2ce \u00e0 l\u2019expertise de notre \u00e9quipe d\u2019experts, qui sont familiers avec les exigences du march\u00e9 et aux besoins sp\u00e9cifiques des diff\u00e9rents secteurs.[\/et_pb_blurb][\/et_pb_column][\/et_pb_row][et_pb_row _builder_version=\u00a0\u00bb4.16&Prime; _module_preset=\u00a0\u00bbdefault\u00a0\u00bb custom_margin=\u00a0\u00bb4px|auto||auto|false|false\u00a0\u00bb global_colors_info=\u00a0\u00bb{}\u00a0\u00bb][et_pb_column type=\u00a0\u00bb4_4&Prime; _builder_version=\u00a0\u00bb4.16&Prime; _module_preset=\u00a0\u00bbdefault\u00a0\u00bb global_colors_info=\u00a0\u00bb{}\u00a0\u00bb][et_pb_text _builder_version=\u00a0\u00bb4.17.3&Prime; _module_preset=\u00a0\u00bbdefault\u00a0\u00bb text_font=\u00a0\u00bb|800||on|||||\u00a0\u00bb text_text_color=\u00a0\u00bb#FFFFFF\u00a0\u00bb header_text_align=\u00a0\u00bbcenter\u00a0\u00bb header_text_color=\u00a0\u00bb#FFFFFF\u00a0\u00bb header_2_text_color=\u00a0\u00bb#FFFFFF\u00a0\u00bb header_3_text_color=\u00a0\u00bb#FFFFFF\u00a0\u00bb text_orientation=\u00a0\u00bbcenter\u00a0\u00bb width=\u00a0\u00bb80%\u00a0\u00bb module_alignment=\u00a0\u00bbcenter\u00a0\u00bb header_2_font_size_tablet=\u00a0\u00bb\u00a0\u00bb header_2_font_size_phone=\u00a0\u00bb35px\u00a0\u00bb header_2_font_size_last_edited=\u00a0\u00bbon|phone\u00a0\u00bb global_colors_info=\u00a0\u00bb{}\u00a0\u00bb]Vous \u00eates int\u00e9ress\u00e9 par nos services et avez besoin de plus d&rsquo;informations ?[\/et_pb_text][et_pb_button button_url=\u00a0\u00bbhttps:\/\/www.softercolor.it\/fr\/contatti\/\u00a0\u00bb button_text=\u00a0\u00bbContactez-nous\u00a0\u00bb button_alignment=\u00a0\u00bbcenter\u00a0\u00bb _builder_version=\u00a0\u00bb4.17.3&Prime; _module_preset=\u00a0\u00bbdefault\u00a0\u00bb custom_button=\u00a0\u00bbon\u00a0\u00bb button_text_size=\u00a0\u00bb25px\u00a0\u00bb button_text_color=\u00a0\u00bb#FFFFFF\u00a0\u00bb button_bg_color=\u00a0\u00bbrgba(255,255,255,0)\u00a0\u00bb button_border_radius=\u00a0\u00bb0px\u00a0\u00bb button_font=\u00a0\u00bb|800|||||||\u00a0\u00bb global_colors_info=\u00a0\u00bb{}\u00a0\u00bb button_bg_color__hover_enabled=\u00a0\u00bbon|desktop\u00a0\u00bb button_bg_color__hover=\u00a0\u00bb#ffffff\u00a0\u00bb button_bg_enable_color__hover=\u00a0\u00bbon\u00a0\u00bb button_text_color__hover_enabled=\u00a0\u00bbon|hover\u00a0\u00bb button_text_color__hover=\u00a0\u00bb#007eba\u00a0\u00bb][\/et_pb_button][\/et_pb_column][\/et_pb_row][\/et_pb_section][et_pb_section fb_built=\u00a0\u00bb1&Prime; _builder_version=\u00a0\u00bb4.16&Prime; _module_preset=\u00a0\u00bbdefault\u00a0\u00bb background_color=\u00a0\u00bb#007eba\u00a0\u00bb custom_margin=\u00a0\u00bb0px||0px||false|false\u00a0\u00bb custom_padding=\u00a0\u00bb0px||0px||false|false\u00a0\u00bb global_colors_info=\u00a0\u00bb{}\u00a0\u00bb][et_pb_row _builder_version=\u00a0\u00bb4.16&Prime; _module_preset=\u00a0\u00bbdefault\u00a0\u00bb custom_margin=\u00a0\u00bb0px||0px||false|false\u00a0\u00bb custom_padding=\u00a0\u00bb8px||8px||true|false\u00a0\u00bb global_colors_info=\u00a0\u00bb{}\u00a0\u00bb][et_pb_column type=\u00a0\u00bb4_4&Prime; _builder_version=\u00a0\u00bb4.16&Prime; _module_preset=\u00a0\u00bbdefault\u00a0\u00bb global_colors_info=\u00a0\u00bb{}\u00a0\u00bb][et_pb_menu menu_id=\u00a0\u00bbnone\u00a0\u00bb menu_style=\u00a0\u00bbcentered\u00a0\u00bb active_link_color=\u00a0\u00bb#FFFFFF\u00a0\u00bb _builder_version=\u00a0\u00bb4.16&Prime; _module_preset=\u00a0\u00bbdefault\u00a0\u00bb menu_font=\u00a0\u00bbLato|900||on|||||\u00a0\u00bb menu_text_color=\u00a0\u00bb#FFFFFF\u00a0\u00bb menu_letter_spacing=\u00a0\u00bb1px\u00a0\u00bb background_color=\u00a0\u00bb#007eba\u00a0\u00bb global_colors_info=\u00a0\u00bb{}\u00a0\u00bb][\/et_pb_menu][\/et_pb_column][\/et_pb_row][\/et_pb_section]<\/p>\n","protected":false},"excerpt":{"rendered":"<p>A propos de nousSofter Color n\u00e9e de plusieurs ann\u00e9es d\u2019exp\u00e9rience des fondateurs Fabbri et Salzillo , qui l\u2019ont fait un point de r\u00e9f\u00e9rence pour ceux qui recherchent la confiance, le professionnalisme et les connaissances techniques dans le domaine des colorants industriels. Nous sommes actuellement l\u2019une des rares soci\u00e9t\u00e9s en Europe qui peuvent fournir une gamme [&hellip;]<\/p>\n","protected":false},"author":1,"featured_media":0,"parent":0,"menu_order":0,"comment_status":"closed","ping_status":"closed","template":"","meta":{"_et_pb_use_builder":"on","_et_pb_old_content":"","_et_gb_content_width":"","footnotes":""},"class_list":["post-1537","page","type-page","status-publish","hentry"],"yoast_head":"<!-- This site is optimized with the Yoast SEO plugin v20.6 - https:\/\/yoast.com\/wordpress\/plugins\/seo\/ -->\n<title>A propos de nous - Softer Color s.r.l. - Coloranti<\/title>\n<meta name=\"description\" content=\"A propos de nous - Softer Color s.r.l. - Coloranti\" \/>\n<meta name=\"robots\" content=\"index, follow, max-snippet:-1, max-image-preview:large, max-video-preview:-1\" \/>\n<link rel=\"canonical\" href=\"https:\/\/www.softercolor.it\/fr\/chi-siamo\/\" \/>\n<meta property=\"og:locale\" content=\"fr_FR\" \/>\n<meta property=\"og:type\" content=\"article\" \/>\n<meta property=\"og:title\" content=\"A propos de nous - Softer Color s.r.l. - Coloranti\" \/>\n<meta property=\"og:description\" content=\"A propos de nous - Softer Color s.r.l. - Coloranti\" \/>\n<meta property=\"og:url\" content=\"https:\/\/www.softercolor.it\/fr\/chi-siamo\/\" \/>\n<meta property=\"og:site_name\" content=\"Softer Color s.r.l. - Coloranti\" \/>\n<meta property=\"article:modified_time\" content=\"2023-04-18T09:49:53+00:00\" \/>\n<meta property=\"og:image\" content=\"https:\/\/www.softercolor.it\/wp-content\/uploads\/2022\/02\/sfondo-platica-scaled.jpg\" \/>\n\t<meta property=\"og:image:width\" content=\"2560\" \/>\n\t<meta property=\"og:image:height\" content=\"1714\" \/>\n\t<meta property=\"og:image:type\" content=\"image\/jpeg\" \/>\n<meta name=\"twitter:card\" content=\"summary_large_image\" \/>\n<meta name=\"twitter:label1\" content=\"Dur\u00e9e de lecture estim\u00e9e\" \/>\n\t<meta name=\"twitter:data1\" content=\"3 minutes\" \/>\n<script type=\"application\/ld+json\" class=\"yoast-schema-graph\">{\"@context\":\"https:\/\/schema.org\",\"@graph\":[{\"@type\":\"WebPage\",\"@id\":\"https:\/\/www.softercolor.it\/fr\/chi-siamo\/\",\"url\":\"https:\/\/www.softercolor.it\/fr\/chi-siamo\/\",\"name\":\"A propos de nous - Softer Color s.r.l. - Coloranti\",\"isPartOf\":{\"@id\":\"https:\/\/www.softercolor.it\/fr\/#website\"},\"datePublished\":\"2022-02-24T13:17:57+00:00\",\"dateModified\":\"2023-04-18T09:49:53+00:00\",\"description\":\"A propos de nous - Softer Color s.r.l. - Coloranti\",\"breadcrumb\":{\"@id\":\"https:\/\/www.softercolor.it\/fr\/chi-siamo\/#breadcrumb\"},\"inLanguage\":\"fr-FR\",\"potentialAction\":[{\"@type\":\"ReadAction\",\"target\":[\"https:\/\/www.softercolor.it\/fr\/chi-siamo\/\"]}]},{\"@type\":\"BreadcrumbList\",\"@id\":\"https:\/\/www.softercolor.it\/fr\/chi-siamo\/#breadcrumb\",\"itemListElement\":[{\"@type\":\"ListItem\",\"position\":1,\"name\":\"Home\",\"item\":\"https:\/\/www.softercolor.it\/fr\/\"},{\"@type\":\"ListItem\",\"position\":2,\"name\":\"A propos de nous\"}]},{\"@type\":\"WebSite\",\"@id\":\"https:\/\/www.softercolor.it\/fr\/#website\",\"url\":\"https:\/\/www.softercolor.it\/fr\/\",\"name\":\"Softer Color s.r.l. - Coloranti\",\"description\":\"Coloranti per cuoio, coloranti per tessuti, coloranti per finiture, coloranti per carta, coloranti per legno, coloranti per candele, coloranti per inchiostro\",\"publisher\":{\"@id\":\"https:\/\/www.softercolor.it\/fr\/#organization\"},\"alternateName\":\"Colorati industriali per tutti i settori - softer coler\",\"potentialAction\":[{\"@type\":\"SearchAction\",\"target\":{\"@type\":\"EntryPoint\",\"urlTemplate\":\"https:\/\/www.softercolor.it\/fr\/?s={search_term_string}\"},\"query-input\":\"required name=search_term_string\"}],\"inLanguage\":\"fr-FR\"},{\"@type\":\"Organization\",\"@id\":\"https:\/\/www.softercolor.it\/fr\/#organization\",\"name\":\"Softer Color S.r.l.\",\"alternateName\":\"Coloranti per l'industria Softer Color Srl\",\"url\":\"https:\/\/www.softercolor.it\/fr\/\",\"logo\":{\"@type\":\"ImageObject\",\"inLanguage\":\"fr-FR\",\"@id\":\"https:\/\/www.softercolor.it\/fr\/#\/schema\/logo\/image\/\",\"url\":\"https:\/\/www.softercolor.it\/wp-content\/uploads\/2023\/04\/SOLO-LOGO-SOFTERCOLOR.png\",\"contentUrl\":\"https:\/\/www.softercolor.it\/wp-content\/uploads\/2023\/04\/SOLO-LOGO-SOFTERCOLOR.png\",\"width\":99,\"height\":100,\"caption\":\"Softer Color S.r.l.\"},\"image\":{\"@id\":\"https:\/\/www.softercolor.it\/fr\/#\/schema\/logo\/image\/\"},\"sameAs\":[\"https:\/\/www.linkedin.com\/company\/softer-color-srl\",\"https:\/\/www.softercolor.it\/wp-content\/uploads\/2023\/04\/instagram-300.png.webp\"]}]}<\/script>\n<!-- \/ Yoast SEO plugin. -->","yoast_head_json":{"title":"A propos de nous - Softer Color s.r.l. - Coloranti","description":"A propos de nous - Softer Color s.r.l. - Coloranti","robots":{"index":"index","follow":"follow","max-snippet":"max-snippet:-1","max-image-preview":"max-image-preview:large","max-video-preview":"max-video-preview:-1"},"canonical":"https:\/\/www.softercolor.it\/fr\/chi-siamo\/","og_locale":"fr_FR","og_type":"article","og_title":"A propos de nous - Softer Color s.r.l. - Coloranti","og_description":"A propos de nous - Softer Color s.r.l. - Coloranti","og_url":"https:\/\/www.softercolor.it\/fr\/chi-siamo\/","og_site_name":"Softer Color s.r.l. - Coloranti","article_modified_time":"2023-04-18T09:49:53+00:00","og_image":[{"width":2560,"height":1714,"url":"https:\/\/www.softercolor.it\/wp-content\/uploads\/2022\/02\/sfondo-platica-scaled.jpg","type":"image\/jpeg"}],"twitter_card":"summary_large_image","twitter_misc":{"Dur\u00e9e de lecture estim\u00e9e":"3 minutes"},"schema":{"@context":"https:\/\/schema.org","@graph":[{"@type":"WebPage","@id":"https:\/\/www.softercolor.it\/fr\/chi-siamo\/","url":"https:\/\/www.softercolor.it\/fr\/chi-siamo\/","name":"A propos de nous - Softer Color s.r.l. - Coloranti","isPartOf":{"@id":"https:\/\/www.softercolor.it\/fr\/#website"},"datePublished":"2022-02-24T13:17:57+00:00","dateModified":"2023-04-18T09:49:53+00:00","description":"A propos de nous - Softer Color s.r.l. - Coloranti","breadcrumb":{"@id":"https:\/\/www.softercolor.it\/fr\/chi-siamo\/#breadcrumb"},"inLanguage":"fr-FR","potentialAction":[{"@type":"ReadAction","target":["https:\/\/www.softercolor.it\/fr\/chi-siamo\/"]}]},{"@type":"BreadcrumbList","@id":"https:\/\/www.softercolor.it\/fr\/chi-siamo\/#breadcrumb","itemListElement":[{"@type":"ListItem","position":1,"name":"Home","item":"https:\/\/www.softercolor.it\/fr\/"},{"@type":"ListItem","position":2,"name":"A propos de nous"}]},{"@type":"WebSite","@id":"https:\/\/www.softercolor.it\/fr\/#website","url":"https:\/\/www.softercolor.it\/fr\/","name":"Softer Color s.r.l. - Coloranti","description":"Coloranti per cuoio, coloranti per tessuti, coloranti per finiture, coloranti per carta, coloranti per legno, coloranti per candele, coloranti per inchiostro","publisher":{"@id":"https:\/\/www.softercolor.it\/fr\/#organization"},"alternateName":"Colorati industriali per tutti i settori - softer coler","potentialAction":[{"@type":"SearchAction","target":{"@type":"EntryPoint","urlTemplate":"https:\/\/www.softercolor.it\/fr\/?s={search_term_string}"},"query-input":"required name=search_term_string"}],"inLanguage":"fr-FR"},{"@type":"Organization","@id":"https:\/\/www.softercolor.it\/fr\/#organization","name":"Softer Color S.r.l.","alternateName":"Coloranti per l'industria Softer Color Srl","url":"https:\/\/www.softercolor.it\/fr\/","logo":{"@type":"ImageObject","inLanguage":"fr-FR","@id":"https:\/\/www.softercolor.it\/fr\/#\/schema\/logo\/image\/","url":"https:\/\/www.softercolor.it\/wp-content\/uploads\/2023\/04\/SOLO-LOGO-SOFTERCOLOR.png","contentUrl":"https:\/\/www.softercolor.it\/wp-content\/uploads\/2023\/04\/SOLO-LOGO-SOFTERCOLOR.png","width":99,"height":100,"caption":"Softer Color S.r.l."},"image":{"@id":"https:\/\/www.softercolor.it\/fr\/#\/schema\/logo\/image\/"},"sameAs":["https:\/\/www.linkedin.com\/company\/softer-color-srl","https:\/\/www.softercolor.it\/wp-content\/uploads\/2023\/04\/instagram-300.png.webp"]}]}},"_links":{"self":[{"href":"https:\/\/www.softercolor.it\/fr\/wp-json\/wp\/v2\/pages\/1537","targetHints":{"allow":["GET"]}}],"collection":[{"href":"https:\/\/www.softercolor.it\/fr\/wp-json\/wp\/v2\/pages"}],"about":[{"href":"https:\/\/www.softercolor.it\/fr\/wp-json\/wp\/v2\/types\/page"}],"author":[{"embeddable":true,"href":"https:\/\/www.softercolor.it\/fr\/wp-json\/wp\/v2\/users\/1"}],"replies":[{"embeddable":true,"href":"https:\/\/www.softercolor.it\/fr\/wp-json\/wp\/v2\/comments?post=1537"}],"version-history":[{"count":8,"href":"https:\/\/www.softercolor.it\/fr\/wp-json\/wp\/v2\/pages\/1537\/revisions"}],"predecessor-version":[{"id":2032,"href":"https:\/\/www.softercolor.it\/fr\/wp-json\/wp\/v2\/pages\/1537\/revisions\/2032"}],"wp:attachment":[{"href":"https:\/\/www.softercolor.it\/fr\/wp-json\/wp\/v2\/media?parent=1537"}],"curies":[{"name":"wp","href":"https:\/\/api.w.org\/{rel}","templated":true}]}}